{"id":339,"date":"2025-02-24T09:31:35","date_gmt":"2025-02-24T08:31:35","guid":{"rendered":"https:\/\/vuedelapaix.fr\/?page_id=339"},"modified":"2025-02-24T09:36:09","modified_gmt":"2025-02-24T08:36:09","slug":"mentions-legales","status":"publish","type":"page","link":"https:\/\/vuedelapaix.fr\/index.php\/mentions-legales\/","title":{"rendered":"Mentions L\u00e9gales"},"content":{"rendered":"[vc_row type=\u00a0\u00bbin_container\u00a0\u00bb full_screen_row_position=\u00a0\u00bbmiddle\u00a0\u00bb column_margin=\u00a0\u00bbdefault\u00a0\u00bb column_direction=\u00a0\u00bbdefault\u00a0\u00bb column_direction_tablet=\u00a0\u00bbdefault\u00a0\u00bb column_direction_phone=\u00a0\u00bbdefault\u00a0\u00bb scene_position=\u00a0\u00bbcenter\u00a0\u00bb text_color=\u00a0\u00bbdark\u00a0\u00bb text_align=\u00a0\u00bbleft\u00a0\u00bb row_border_radius=\u00a0\u00bbnone\u00a0\u00bb row_border_radius_applies=\u00a0\u00bbbg\u00a0\u00bb overflow=\u00a0\u00bbvisible\u00a0\u00bb overlay_strength=\u00a0\u00bb0.3&Prime; gradient_direction=\u00a0\u00bbleft_to_right\u00a0\u00bb shape_divider_position=\u00a0\u00bbbottom\u00a0\u00bb bg_image_animation=\u00a0\u00bbnone\u00a0\u00bb][vc_column column_padding=\u00a0\u00bbno-extra-padding\u00a0\u00bb column_padding_tablet=\u00a0\u00bbinherit\u00a0\u00bb column_padding_phone=\u00a0\u00bbinherit\u00a0\u00bb column_padding_position=\u00a0\u00bball\u00a0\u00bb column_element_direction_desktop=\u00a0\u00bbdefault\u00a0\u00bb column_element_spacing=\u00a0\u00bbdefault\u00a0\u00bb desktop_text_alignment=\u00a0\u00bbdefault\u00a0\u00bb tablet_text_alignment=\u00a0\u00bbdefault\u00a0\u00bb phone_text_alignment=\u00a0\u00bbdefault\u00a0\u00bb background_color_opacity=\u00a0\u00bb1&Prime; background_hover_color_opacity=\u00a0\u00bb1&Prime; column_backdrop_filter=\u00a0\u00bbnone\u00a0\u00bb font_color=\u00a0\u00bb#274340&Prime; column_shadow=\u00a0\u00bbnone\u00a0\u00bb column_border_radius=\u00a0\u00bbnone\u00a0\u00bb column_link_target=\u00a0\u00bb_self\u00a0\u00bb column_position=\u00a0\u00bbdefault\u00a0\u00bb gradient_direction=\u00a0\u00bbleft_to_right\u00a0\u00bb overlay_strength=\u00a0\u00bb0.3&Prime; width=\u00a0\u00bb1\/1&Prime; tablet_width_inherit=\u00a0\u00bbdefault\u00a0\u00bb animation_type=\u00a0\u00bbdefault\u00a0\u00bb bg_image_animation=\u00a0\u00bbnone\u00a0\u00bb border_type=\u00a0\u00bbsimple\u00a0\u00bb column_border_width=\u00a0\u00bbnone\u00a0\u00bb column_border_style=\u00a0\u00bbsolid\u00a0\u00bb column_padding_type=\u00a0\u00bbdefault\u00a0\u00bb gradient_type=\u00a0\u00bbdefault\u00a0\u00bb][vc_column_text]\n<h1>Mentions L\u00e9gales<\/h1>\n<h2>Soci\u00e9t\u00e9<\/h2>\n<p>LU DE LO, PME unipersonnelle au capital de 30 000 \u20ac<\/p>\n<p>SIRET : 75028248500010<br \/>\nCode APE 47.78A<\/p>\n<h3>Si\u00e8ge social<\/h3>\n<p>VUE DE LA PAIX,<br \/>\n41 B RUE DE LA PAIX<br \/>\n53000 LAVAL<\/p>\n<h3>Directeur de publication<\/h3>\n<p>Thibault Rocher<\/p>\n<h3>D\u00e9l\u00e9gu\u00e9 \u00e0 la protection des donn\u00e9es<\/h3>\n<p>Thibault Rocher<\/p>\n<h3>Responsable du traitement des donn\u00e9es<\/h3>\n<p>Thibault Rocher<\/p>\n<h2>Cr\u00e9ation du site web<\/h2>\n<h3>Conception<\/h3>\n<p><a href=\"https:\/\/land.studio\/\">Studio land.<\/a><\/p>\n<h3>WebDesign<\/h3>\n<p><a href=\"https:\/\/land.studio\/\">Studio land.<\/a><\/p>\n<h3>D\u00e9veloppement<\/h3>\n<p><a href=\"https:\/\/land.studio\/\">Studio land.<\/a><\/p>\n<h2>H\u00e9bergement<\/h2>\n<p>OVH<br \/>\n2 rue Kellermann, 59100 Roubaix<\/p>\n<h2>Cr\u00e9dits photos<\/h2>\n<p><a href=\"https:\/\/land.studio\/\">Studio land.<\/a> , Anne&amp;Valentin, Caroline Abram, Cl\u00e9ment, Michel Heneau, Talla, Garett Leight, Blush, IZIPIZI, Komono<\/p>\n<h2>Protection des donn\u00e9es personnelles<\/h2>\n<p>Pour en savoir plus sur notre politique en mati\u00e8re de donn\u00e9es personnelles, nous vous invitons \u00e0 consulter notre\u00a0politique de confidentialit\u00e9.[\/vc_column_text][\/vc_column][\/vc_row]\n","protected":false},"excerpt":{"rendered":"<p>[vc_row type=\u00a0\u00bbin_container\u00a0\u00bb full_screen_row_position=\u00a0\u00bbmiddle\u00a0\u00bb column_margin=\u00a0\u00bbdefault\u00a0\u00bb column_direction=\u00a0\u00bbdefault\u00a0\u00bb column_direction_tablet=\u00a0\u00bbdefault\u00a0\u00bb column_direction_phone=\u00a0\u00bbdefault\u00a0\u00bb scene_position=\u00a0\u00bbcenter\u00a0\u00bb text_color=\u00a0\u00bbdark\u00a0\u00bb text_align=\u00a0\u00bbleft\u00a0\u00bb row_border_radius=\u00a0\u00bbnone\u00a0\u00bb row_border_radius_applies=\u00a0\u00bbbg\u00a0\u00bb overflow=\u00a0\u00bbvisible\u00a0\u00bb overlay_strength=\u00a0\u00bb0.3&Prime; gradient_direction=\u00a0\u00bbleft_to_right\u00a0\u00bb shape_divider_position=\u00a0\u00bbbottom\u00a0\u00bb bg_image_animation=\u00a0\u00bbnone\u00a0\u00bb][vc_column column_padding=\u00a0\u00bbno-extra-padding\u00a0\u00bb column_padding_tablet=\u00a0\u00bbinherit\u00a0\u00bb column_padding_phone=\u00a0\u00bbinherit\u00a0\u00bb column_padding_position=\u00a0\u00bball\u00a0\u00bb column_element_direction_desktop=\u00a0\u00bbdefault\u00a0\u00bb column_element_spacing=\u00a0\u00bbdefault\u00a0\u00bb desktop_text_alignment=\u00a0\u00bbdefault\u00a0\u00bb tablet_text_alignment=\u00a0\u00bbdefault\u00a0\u00bb phone_text_alignment=\u00a0\u00bbdefault\u00a0\u00bb background_color_opacity=\u00a0\u00bb1&Prime; background_hover_color_opacity=\u00a0\u00bb1&Prime; column_backdrop_filter=\u00a0\u00bbnone\u00a0\u00bb font_color=\u00a0\u00bb#274340&Prime;&#8230;<\/p>\n","protected":false},"author":1,"featured_media":0,"parent":0,"menu_order":0,"comment_status":"closed","ping_status":"closed","template":"","meta":{"footnotes":""},"class_list":["post-339","page","type-page","status-publish"],"yoast_head":"<!-- This site is optimized with the Yoast SEO plugin v24.5 - https:\/\/yoast.com\/wordpress\/plugins\/seo\/ -->\n<title>Mentions L\u00e9gales - Vue de la Paix<\/title>\n<meta name=\"robots\" content=\"index, follow, max-snippet:-1, max-image-preview:large, max-video-preview:-1\" \/>\n<link rel=\"canonical\" href=\"https:\/\/vuedelapaix.fr\/index.php\/mentions-legales\/\" \/>\n<meta property=\"og:locale\" content=\"fr_FR\" \/>\n<meta property=\"og:type\" content=\"article\" \/>\n<meta property=\"og:title\" content=\"Mentions L\u00e9gales - Vue de la Paix\" \/>\n<meta property=\"og:description\" content=\"[vc_row type=\u00a0\u00bbin_container\u00a0\u00bb full_screen_row_position=\u00a0\u00bbmiddle\u00a0\u00bb column_margin=\u00a0\u00bbdefault\u00a0\u00bb column_direction=\u00a0\u00bbdefault\u00a0\u00bb column_direction_tablet=\u00a0\u00bbdefault\u00a0\u00bb column_direction_phone=\u00a0\u00bbdefault\u00a0\u00bb scene_position=\u00a0\u00bbcenter\u00a0\u00bb text_color=\u00a0\u00bbdark\u00a0\u00bb text_align=\u00a0\u00bbleft\u00a0\u00bb row_border_radius=\u00a0\u00bbnone\u00a0\u00bb row_border_radius_applies=\u00a0\u00bbbg\u00a0\u00bb overflow=\u00a0\u00bbvisible\u00a0\u00bb overlay_strength=\u00a0\u00bb0.3&Prime; gradient_direction=\u00a0\u00bbleft_to_right\u00a0\u00bb shape_divider_position=\u00a0\u00bbbottom\u00a0\u00bb bg_image_animation=\u00a0\u00bbnone\u00a0\u00bb][vc_column column_padding=\u00a0\u00bbno-extra-padding\u00a0\u00bb column_padding_tablet=\u00a0\u00bbinherit\u00a0\u00bb column_padding_phone=\u00a0\u00bbinherit\u00a0\u00bb column_padding_position=\u00a0\u00bball\u00a0\u00bb column_element_direction_desktop=\u00a0\u00bbdefault\u00a0\u00bb column_element_spacing=\u00a0\u00bbdefault\u00a0\u00bb desktop_text_alignment=\u00a0\u00bbdefault\u00a0\u00bb tablet_text_alignment=\u00a0\u00bbdefault\u00a0\u00bb phone_text_alignment=\u00a0\u00bbdefault\u00a0\u00bb background_color_opacity=\u00a0\u00bb1&Prime; background_hover_color_opacity=\u00a0\u00bb1&Prime; column_backdrop_filter=\u00a0\u00bbnone\u00a0\u00bb font_color=\u00a0\u00bb#274340&Prime;...\" \/>\n<meta property=\"og:url\" content=\"https:\/\/vuedelapaix.fr\/index.php\/mentions-legales\/\" \/>\n<meta property=\"og:site_name\" content=\"Vue de la Paix\" \/>\n<meta property=\"article:publisher\" content=\"https:\/\/www.facebook.com\/EyeLikeVueDeLaPaix\" \/>\n<meta property=\"article:modified_time\" content=\"2025-02-24T08:36:09+00:00\" \/>\n<meta property=\"og:image\" content=\"https:\/\/vuedelapaix.fr\/wp-content\/uploads\/2024\/09\/LOGO-VUEDELAPAIX-BEIGE.png\" \/>\n\t<meta property=\"og:image:width\" content=\"2125\" \/>\n\t<meta property=\"og:image:height\" content=\"1415\" \/>\n\t<meta property=\"og:image:type\" content=\"image\/png\" \/>\n<meta name=\"twitter:card\" content=\"summary_large_image\" \/>\n<script type=\"application\/ld+json\" class=\"yoast-schema-graph\">{\"@context\":\"https:\/\/schema.org\",\"@graph\":[{\"@type\":\"WebPage\",\"@id\":\"https:\/\/vuedelapaix.fr\/index.php\/mentions-legales\/\",\"url\":\"https:\/\/vuedelapaix.fr\/index.php\/mentions-legales\/\",\"name\":\"Mentions L\u00e9gales - Vue de la Paix\",\"isPartOf\":{\"@id\":\"https:\/\/vuedelapaix.fr\/#website\"},\"datePublished\":\"2025-02-24T08:31:35+00:00\",\"dateModified\":\"2025-02-24T08:36:09+00:00\",\"breadcrumb\":{\"@id\":\"https:\/\/vuedelapaix.fr\/index.php\/mentions-legales\/#breadcrumb\"},\"inLanguage\":\"fr-FR\",\"potentialAction\":[{\"@type\":\"ReadAction\",\"target\":[\"https:\/\/vuedelapaix.fr\/index.php\/mentions-legales\/\"]}]},{\"@type\":\"BreadcrumbList\",\"@id\":\"https:\/\/vuedelapaix.fr\/index.php\/mentions-legales\/#breadcrumb\",\"itemListElement\":[{\"@type\":\"ListItem\",\"position\":1,\"name\":\"Accueil\",\"item\":\"https:\/\/vuedelapaix.fr\/\"},{\"@type\":\"ListItem\",\"position\":2,\"name\":\"Mentions L\u00e9gales\"}]},{\"@type\":\"WebSite\",\"@id\":\"https:\/\/vuedelapaix.fr\/#website\",\"url\":\"https:\/\/vuedelapaix.fr\/\",\"name\":\"Vue de la Paix\",\"description\":\"Opticien Lunetier Ind\u00e9pendant \u00e0 Laval\",\"publisher\":{\"@id\":\"https:\/\/vuedelapaix.fr\/#organization\"},\"alternateName\":\"Opticien Laval\",\"potentialAction\":[{\"@type\":\"SearchAction\",\"target\":{\"@type\":\"EntryPoint\",\"urlTemplate\":\"https:\/\/vuedelapaix.fr\/?s={search_term_string}\"},\"query-input\":{\"@type\":\"PropertyValueSpecification\",\"valueRequired\":true,\"valueName\":\"search_term_string\"}}],\"inLanguage\":\"fr-FR\"},{\"@type\":\"Organization\",\"@id\":\"https:\/\/vuedelapaix.fr\/#organization\",\"name\":\"Vue de la Paix\",\"url\":\"https:\/\/vuedelapaix.fr\/\",\"logo\":{\"@type\":\"ImageObject\",\"inLanguage\":\"fr-FR\",\"@id\":\"https:\/\/vuedelapaix.fr\/#\/schema\/logo\/image\/\",\"url\":\"https:\/\/vuedelapaix.fr\/wp-content\/uploads\/2024\/09\/LOGO-VUEDELAPAIX-BEIGE.png\",\"contentUrl\":\"https:\/\/vuedelapaix.fr\/wp-content\/uploads\/2024\/09\/LOGO-VUEDELAPAIX-BEIGE.png\",\"width\":2125,\"height\":1415,\"caption\":\"Vue de la Paix\"},\"image\":{\"@id\":\"https:\/\/vuedelapaix.fr\/#\/schema\/logo\/image\/\"},\"sameAs\":[\"https:\/\/www.facebook.com\/EyeLikeVueDeLaPaix\",\"https:\/\/www.instagram.com\/vuedelapaix_laval\/\"]}]}<\/script>\n<!-- \/ Yoast SEO plugin. -->","yoast_head_json":{"title":"Mentions L\u00e9gales - Vue de la Paix","robots":{"index":"index","follow":"follow","max-snippet":"max-snippet:-1","max-image-preview":"max-image-preview:large","max-video-preview":"max-video-preview:-1"},"canonical":"https:\/\/vuedelapaix.fr\/index.php\/mentions-legales\/","og_locale":"fr_FR","og_type":"article","og_title":"Mentions L\u00e9gales - Vue de la Paix","og_description":"[vc_row type=\u00a0\u00bbin_container\u00a0\u00bb full_screen_row_position=\u00a0\u00bbmiddle\u00a0\u00bb column_margin=\u00a0\u00bbdefault\u00a0\u00bb column_direction=\u00a0\u00bbdefault\u00a0\u00bb column_direction_tablet=\u00a0\u00bbdefault\u00a0\u00bb column_direction_phone=\u00a0\u00bbdefault\u00a0\u00bb scene_position=\u00a0\u00bbcenter\u00a0\u00bb text_color=\u00a0\u00bbdark\u00a0\u00bb text_align=\u00a0\u00bbleft\u00a0\u00bb row_border_radius=\u00a0\u00bbnone\u00a0\u00bb row_border_radius_applies=\u00a0\u00bbbg\u00a0\u00bb overflow=\u00a0\u00bbvisible\u00a0\u00bb overlay_strength=\u00a0\u00bb0.3&Prime; gradient_direction=\u00a0\u00bbleft_to_right\u00a0\u00bb shape_divider_position=\u00a0\u00bbbottom\u00a0\u00bb bg_image_animation=\u00a0\u00bbnone\u00a0\u00bb][vc_column column_padding=\u00a0\u00bbno-extra-padding\u00a0\u00bb column_padding_tablet=\u00a0\u00bbinherit\u00a0\u00bb column_padding_phone=\u00a0\u00bbinherit\u00a0\u00bb column_padding_position=\u00a0\u00bball\u00a0\u00bb column_element_direction_desktop=\u00a0\u00bbdefault\u00a0\u00bb column_element_spacing=\u00a0\u00bbdefault\u00a0\u00bb desktop_text_alignment=\u00a0\u00bbdefault\u00a0\u00bb tablet_text_alignment=\u00a0\u00bbdefault\u00a0\u00bb phone_text_alignment=\u00a0\u00bbdefault\u00a0\u00bb background_color_opacity=\u00a0\u00bb1&Prime; background_hover_color_opacity=\u00a0\u00bb1&Prime; column_backdrop_filter=\u00a0\u00bbnone\u00a0\u00bb font_color=\u00a0\u00bb#274340&Prime;...","og_url":"https:\/\/vuedelapaix.fr\/index.php\/mentions-legales\/","og_site_name":"Vue de la Paix","article_publisher":"https:\/\/www.facebook.com\/EyeLikeVueDeLaPaix","article_modified_time":"2025-02-24T08:36:09+00:00","og_image":[{"width":2125,"height":1415,"url":"https:\/\/vuedelapaix.fr\/wp-content\/uploads\/2024\/09\/LOGO-VUEDELAPAIX-BEIGE.png","type":"image\/png"}],"twitter_card":"summary_large_image","schema":{"@context":"https:\/\/schema.org","@graph":[{"@type":"WebPage","@id":"https:\/\/vuedelapaix.fr\/index.php\/mentions-legales\/","url":"https:\/\/vuedelapaix.fr\/index.php\/mentions-legales\/","name":"Mentions L\u00e9gales - Vue de la Paix","isPartOf":{"@id":"https:\/\/vuedelapaix.fr\/#website"},"datePublished":"2025-02-24T08:31:35+00:00","dateModified":"2025-02-24T08:36:09+00:00","breadcrumb":{"@id":"https:\/\/vuedelapaix.fr\/index.php\/mentions-legales\/#breadcrumb"},"inLanguage":"fr-FR","potentialAction":[{"@type":"ReadAction","target":["https:\/\/vuedelapaix.fr\/index.php\/mentions-legales\/"]}]},{"@type":"BreadcrumbList","@id":"https:\/\/vuedelapaix.fr\/index.php\/mentions-legales\/#breadcrumb","itemListElement":[{"@type":"ListItem","position":1,"name":"Accueil","item":"https:\/\/vuedelapaix.fr\/"},{"@type":"ListItem","position":2,"name":"Mentions L\u00e9gales"}]},{"@type":"WebSite","@id":"https:\/\/vuedelapaix.fr\/#website","url":"https:\/\/vuedelapaix.fr\/","name":"Vue de la Paix","description":"Opticien Lunetier Ind\u00e9pendant \u00e0 Laval","publisher":{"@id":"https:\/\/vuedelapaix.fr\/#organization"},"alternateName":"Opticien Laval","potentialAction":[{"@type":"SearchAction","target":{"@type":"EntryPoint","urlTemplate":"https:\/\/vuedelapaix.fr\/?s={search_term_string}"},"query-input":{"@type":"PropertyValueSpecification","valueRequired":true,"valueName":"search_term_string"}}],"inLanguage":"fr-FR"},{"@type":"Organization","@id":"https:\/\/vuedelapaix.fr\/#organization","name":"Vue de la Paix","url":"https:\/\/vuedelapaix.fr\/","logo":{"@type":"ImageObject","inLanguage":"fr-FR","@id":"https:\/\/vuedelapaix.fr\/#\/schema\/logo\/image\/","url":"https:\/\/vuedelapaix.fr\/wp-content\/uploads\/2024\/09\/LOGO-VUEDELAPAIX-BEIGE.png","contentUrl":"https:\/\/vuedelapaix.fr\/wp-content\/uploads\/2024\/09\/LOGO-VUEDELAPAIX-BEIGE.png","width":2125,"height":1415,"caption":"Vue de la Paix"},"image":{"@id":"https:\/\/vuedelapaix.fr\/#\/schema\/logo\/image\/"},"sameAs":["https:\/\/www.facebook.com\/EyeLikeVueDeLaPaix","https:\/\/www.instagram.com\/vuedelapaix_laval\/"]}]}},"_links":{"self":[{"href":"https:\/\/vuedelapaix.fr\/index.php\/wp-json\/wp\/v2\/pages\/339","targetHints":{"allow":["GET"]}}],"collection":[{"href":"https:\/\/vuedelapaix.fr\/index.php\/wp-json\/wp\/v2\/pages"}],"about":[{"href":"https:\/\/vuedelapaix.fr\/index.php\/wp-json\/wp\/v2\/types\/page"}],"author":[{"embeddable":true,"href":"https:\/\/vuedelapaix.fr\/index.php\/wp-json\/wp\/v2\/users\/1"}],"replies":[{"embeddable":true,"href":"https:\/\/vuedelapaix.fr\/index.php\/wp-json\/wp\/v2\/comments?post=339"}],"version-history":[{"count":2,"href":"https:\/\/vuedelapaix.fr\/index.php\/wp-json\/wp\/v2\/pages\/339\/revisions"}],"predecessor-version":[{"id":341,"href":"https:\/\/vuedelapaix.fr\/index.php\/wp-json\/wp\/v2\/pages\/339\/revisions\/341"}],"wp:attachment":[{"href":"https:\/\/vuedelapaix.fr\/index.php\/wp-json\/wp\/v2\/media?parent=339"}],"curies":[{"name":"wp","href":"https:\/\/api.w.org\/{rel}","templated":true}]}}